{"id":3,"date":"2023-12-29T08:38:23","date_gmt":"2023-12-29T07:38:23","guid":{"rendered":"http:\/\/anar.education\/?page_id=3"},"modified":"2024-04-09T11:16:30","modified_gmt":"2024-04-09T09:16:30","slug":"politique-de-confidentialite","status":"publish","type":"page","link":"https:\/\/www.anar.education\/?page_id=3","title":{"rendered":"Politique de confidentialit\u00e9"},"content":{"rendered":"\n<p>(En vigueur \u00e0 compter du 29 avril 2023.)<\/p>\n\n\n\n<p>La pr\u00e9sente politique de confidentialit\u00e9 (ci-apr\u00e8s la \u00ab Politique de confidentialit\u00e9 \u00bb) s\u2019applique \u00e0 toute personne qui navigue sur ce site, nomm\u00e9e \u00ab Plateforme ANAR \u00bb qui utilise ses diff\u00e9rents services d\u2019admission, d\u2019inscription (ci-apr\u00e8s les \u00ab Services \u00bb) et\/ou interagit avec ANAR dans le cadre de l\u2019utilisation du site (ci-apr\u00e8s le ou les \u00ab Utilisateur(s) \u00bb).<\/p>\n\n\n\n<p>ANAR, en tant que responsable de traitement, s\u2019emploie et s\u2019engage \u00e0 prot\u00e9ger la vie priv\u00e9e des Utilisateurs en conformit\u00e9 avec les exigences l\u00e9gales et notamment la loi n\u00b078-17 du 6 janvier 1978 modifi\u00e9e (dite loi \u00ab Informatique et Libert\u00e9s \u00bb) \u2013 et toute loi ou directive qui viendrait la compl\u00e9ter ou la substituer \u2013 et le R\u00e8glement europ\u00e9en 2016\/679 sur la protection des donn\u00e9es \u00e0 caract\u00e8re personnel (\u00ab RGPD \u00bb). La Politique de Confidentialit\u00e9 a ainsi notamment pour objectif d\u2019informer au mieux les Utilisateurs de la mani\u00e8re dont ANAR prot\u00e8ge les donn\u00e9es \u00e0 caract\u00e8re personnel qu\u2019elle collecte dans le cadre de la \u00ab Plateforme ANAR \u00bb.<\/p>\n\n\n\n<p>En fournissant des donn\u00e9es \u00e0 caract\u00e8re personnel dans le cadre de l\u2019utilisation du site et des services, l\u2019Utilisateur reconnait avoir pris connaissance des termes de la pr\u00e9sente Politique de Confidentialit\u00e9 et des Conditions G\u00e9n\u00e9rales d\u2019Utilisation. Sauf indication contraire dans la pr\u00e9sente Politique de Confidentialit\u00e9, les termes commen\u00e7ant par une majuscule et qui sont d\u00e9finis dans les Conditions G\u00e9n\u00e9rales d\u2019Utilisation auront la m\u00eame signification dans la Politique de Confidentialit\u00e9.<\/p>\n\n\n\n<h4 class=\"wp-block-heading\">Les donn\u00e9es collect\u00e9es par la Plateforme ANAR<\/h4>\n\n\n\n<p>Dans le cadre de la Plateforme ANAR, ANAR peut notamment \u00eatre amen\u00e9e \u00e0 collecter et traiter les donn\u00e9es de l\u2019utilisateur suivantes :<\/p>\n\n\n\n<p>L\u2019inscription \u00e0 la lettre d\u2019information \u00e9lectronique : civilit\u00e9, nom, pr\u00e9nom, statut, adresse, courriel. Dans le cadre de la \u00ab Plateforme ANAR \u00bb, ANAR peut notamment \u00eatre amen\u00e9e \u00e0 collecter et traiter les donn\u00e9es de l\u2019utilisateur suivantes :<\/p>\n\n\n\n<p>L\u2019identit\u00e9 et les coordonn\u00e9es : civilit\u00e9, nom, pr\u00e9noms, adresse, num\u00e9ro de t\u00e9l\u00e9phone (fixe et\/ou mobile), adresses de courrier \u00e9lectronique, date de naissance et lieu de naissance, nationalit\u00e9, photocopie d\u2019une carte nationale d\u2019identit\u00e9 ;<\/p>\n\n\n\n<p>La vie professionnelle : CV, lettre de motivation, copie des relev\u00e9s de notes et des dipl\u00f4mes obtenus, lettre de recommandation ;<\/p>\n\n\n\n<p>Les donn\u00e9es \u00e0 caract\u00e8re personnel d\u2019un r\u00e9f\u00e9rent acad\u00e9mique ou professionnel du candidat : nom, pr\u00e9nom, titre, adresse courriel, \u00e9tablissement.<\/p>\n\n\n\n<p>Les donn\u00e9es \u00e0 caract\u00e8re personnel d\u2019un contact en cas d\u2019urgence du candidat : nom, pr\u00e9nom, titre, courriel, t\u00e9l\u00e9phone. Le caract\u00e8re obligatoire des informations que l\u2019Utilisateur doit renseigner sur la \u00ab Plateforme ANAR \u00bb est signal\u00e9 au moment de la collecte des donn\u00e9es et sur les formulaires correspondants par un ast\u00e9risque et\/ou par une liste de champs \u00e0 caract\u00e8re obligatoire. Tout d\u00e9faut de r\u00e9ponse ou toute r\u00e9ponse jug\u00e9e anormale par ANAR est susceptible d\u2019entrainer le refus d\u2019ANAR de prendre en compte la demande de l\u2019Utilisateur. ANAR est susceptible de proposer \u00e0 l\u2019Utilisateur de fournir certaines donn\u00e9es \u00e0 caract\u00e8re personnel \u00e0 des fins de prospection\/de communication (envoi de newsletters, d\u2019invitations aux \u00e9v\u00e8nements, etc.). L\u2019Utilisateur a la possibilit\u00e9 \u00e0 tout moment de pouvoir se d\u00e9sabonner, a minima par mail, ou par le biais d\u2019une interface d\u00e9di\u00e9e.<\/p>\n\n\n\n<h4 class=\"wp-block-heading\">Les finalit\u00e9s des traitements<\/h4>\n\n\n\n<p>En tant que responsable de traitement, ANAR collecte les donn\u00e9es \u00e0 caract\u00e8re personnel des Utilisateurs de fa\u00e7on licite et loyale et en respectant leurs droits. L\u2019objectif principal de la collecte de donn\u00e9es \u00e0 caract\u00e8re personnel est d\u2019offrir aux Utilisateurs une exp\u00e9rience s\u00fbre, optimale, efficace et personnalis\u00e9e. Les informations recueillies par la Plateforme ANAR, y compris les donn\u00e9es \u00e0 caract\u00e8re personnel, sont utilis\u00e9es pour les finalit\u00e9s suivantes :<\/p>\n\n\n\n<p>G\u00e9rer la cr\u00e9ation du compte Utilisateur ;<\/p>\n\n\n\n<p>G\u00e9rer le d\u00e9p\u00f4t des contribution ;<\/p>\n\n\n\n<p>Envoyer des newsletters et autres messages de prospection (avec le consentement de l\u2019Utilisateur) ;<\/p>\n\n\n\n<p>Communiquer avec les Utilisateurs et r\u00e9pondre \u00e0 leurs questions ;<\/p>\n\n\n\n<p>Se conformer \u00e0 la l\u00e9gislation et r\u00e8glementation applicable.<\/p>\n\n\n\n<h4 class=\"wp-block-heading\">Les donn\u00e9es recueillies au moyen de cookies<\/h4>\n\n\n\n<p>Des cookies sont susceptibles d\u2019\u00eatre utilis\u00e9s sur la \u00ab Plateforme ANAR \u00bb. Les cookies sont de petits fichiers qui sont enregistr\u00e9s sur l\u2019ordinateur de l\u2019utilisateur ou sur tout appareil de communications \u00e9lectroniques utilis\u00e9 par l\u2019utilisateur lorsqu\u2019il navigue sur le site. Ces fichiers permettent l\u2019\u00e9change d\u2019informations de statut entre le site et le navigateur de l\u2019utilisateur. ANAR utilise ainsi les cookies suivants :<\/p>\n\n\n\n<p>Cookies de navigation : Ces cookies sont indispensables au bon fonctionnement du site et de ses fonctionnalit\u00e9s. Ces cookies ne recueillent pas d\u2019informations destin\u00e9es \u00e0 \u00eatre utilis\u00e9es \u00e0 des fins de prospection commerciale ou de ciblage publicitaire.<\/p>\n\n\n\n<p>Cookies de performance : Ces cookies collectent des informations sur les modes d\u2019utilisation de la \u00ab Plateforme \u00bb par l\u2019ensemble des Utilisateurs. Les cookies de performance aident notamment \u00e0 identifier les sections particuli\u00e8rement populaires du site et \u00e0 comptabiliser le nombre de visites. Ces \u00e9l\u00e9ments permettent d\u2019adapter les contenus de la \u00ab Plateforme \u00bb en fonction des besoins des Utilisateurs et par l\u00e0-m\u00eame d\u2019am\u00e9liorer l\u2019offre et l\u2019ergonomie des Services propos\u00e9s sur la \u00ab Plateforme ANAR \u00bb. Pour exploiter les donn\u00e9es \u00e0 des fins statistiques, le site utilise l\u2019outil Google Analytics.<\/p>\n\n\n\n<p>Nous attirons cependant votre attention sur le fait qu\u2019en param\u00e9trant le navigateur pour refuser les cookies d\u00e9pos\u00e9s par ANAR, certaines fonctionnalit\u00e9s ou pages de la \u00ab Plateforme ANAR \u00bb peuvent s\u2019av\u00e9rer difficilement accessibles voire inaccessibles. Vous pouvez accepter ou refuser des cookies en modifiant les param\u00e8tres de votre navigateur. Vous pouvez supprimer tous les cookies qui ont \u00e9t\u00e9 install\u00e9s dans le dossier des cookies de votre navigateur. Chaque navigateur propose des proc\u00e9dures diff\u00e9rentes pour g\u00e9rer vos param\u00e8tres : Microsoft Internet Explorer, Google Chrome, Mozilla Firefox, Apple Safari.<\/p>\n\n\n\n<h4 class=\"wp-block-heading\">La dur\u00e9e de conservation des donn\u00e9es<\/h4>\n\n\n\n<p>Les donn\u00e9es collect\u00e9es seront conserv\u00e9es conform\u00e9ment \u00e0 la l\u00e9gislation en vigueur et aux d\u00e9lais de prescription applicables. Conform\u00e9ment \u00e0 la loi Informatique et Libert\u00e9s, l\u2019utilisateur dispose d\u2019un droit d\u2019acc\u00e8s, de rectification et de suppression des donn\u00e9es le concernant. Il a \u00e9galement la possibilit\u00e9 de s\u2019opposer au traitement de ses donn\u00e9es \u00e0 caract\u00e8re personnel pour des raisons l\u00e9gitimes. Il peut en outre adresser des instructions sp\u00e9cifiques \u00e0 ANAR concernant l\u2019utilisation de ses donn\u00e9es apr\u00e8s son d\u00e9c\u00e8s. Pour exercer ces droits, l\u2019utilisateur peut adresser une demande \u00e0 l\u2019adresse suivante info@anar.education &#8211; L\u2019Utilisateur a \u00e9galement le droit de s\u2019opposer sans frais et gratuitement, \u00e0 ce que les donn\u00e9es \u00e0 caract\u00e8re personnel le concernant soient utilis\u00e9es \u00e0 des fins de prospection, par ANAR.<\/p>\n\n\n\n<p>Les droits des Utilisateurs sur leurs donn\u00e9es \u00e0 caract\u00e8re personnel. Pour exercer ces droits, l\u2019Utilisateur peut adresser une demande \u00e0 l\u2019adresse suivante : info@anar.education<\/p>\n\n\n\n<p>ANAR pourra demander \u00e0 l\u2019Utilisateur de lui fournir une preuve d\u2019identit\u00e9 avant de r\u00e9pondre \u00e0 sa demande.<\/p>\n\n\n\n<h4 class=\"wp-block-heading\">Exactitude des donn\u00e9es \u00e0 caract\u00e8re personnel<\/h4>\n\n\n\n<p>L\u2019Utilisateur s\u2019engage \u00e0 ce que les donn\u00e9es \u00e0 caract\u00e8re personnel le concernant communiqu\u00e9es sur le site soient \u00e0 jour, exactes, compl\u00e8tes et non \u00e9quivoques.<\/p>\n\n\n\n<h4 class=\"wp-block-heading\">Communication des donn\u00e9es \u00e0 caract\u00e8re personnel des Utilisateurs<\/h4>\n\n\n\n<p>ANAR s\u2019engage \u00e0 conserver toutes les donn\u00e9es \u00e0 caract\u00e8re personnel collect\u00e9es via la \u00ab Plateforme \u00bb et \u00e0 ne les partager que dans certaines circonstances et conform\u00e9ment aux dispositions de la r\u00e8glementation applicable. ANAR peut notamment donner un acc\u00e8s aux donn\u00e9es \u00e0 caract\u00e8re personnel des Utilisateurs \u00e0 des prestataires de services tiers, agissant en tant que sous-traitants, pour ex\u00e9cuter des Services relatifs \u00e0 la \u00ab Plateforme ANAR \u00bb et notamment les services d\u2019h\u00e9bergement, de stockage, d\u2019analyses, de traitement de donn\u00e9es, de gestion de bases de donn\u00e9es ou encore de maintenance informatique. Ces prestataires n\u2019agissent que sur instruction d\u2019ANAR et n\u2019auront acc\u00e8s aux donn\u00e9es \u00e0 caract\u00e8re personnel des Utilisateurs que pour ex\u00e9cuter ces services et seront tenus aux m\u00eames obligations de s\u00e9curit\u00e9 et de confidentialit\u00e9 qu\u2019ANAR. Par ailleurs, les donn\u00e9es \u00e0 caract\u00e8re personnel de l\u2019Utilisateur peuvent \u00eatre partag\u00e9es avec des tiers pour les motifs suivants :<\/p>\n\n\n\n<p>En r\u00e9ponse \u00e0 une proc\u00e9dure judiciaire ou administrative de toute nature ou \u00e0 des mesures d\u2019application de la loi r\u00e9clam\u00e9es par les autorit\u00e9s comp\u00e9tentes ;<\/p>\n\n\n\n<p>Pour se conformer \u00e0 des obligations l\u00e9gales, pour prot\u00e9ger les droits et\/ou la s\u00fbret\u00e9 d\u2019un individu, pour prot\u00e9ger les droits et la propri\u00e9t\u00e9 d\u2019ANAR, y compris la n\u00e9cessit\u00e9 de voir la pr\u00e9sente Politique de Confidentialit\u00e9 respect\u00e9e, et d\u2019emp\u00eacher les probl\u00e8mes de fraude, de s\u00e9curit\u00e9 ou techniques.<\/p>\n\n\n\n<h4 class=\"wp-block-heading\">Transfert des donn\u00e9es \u00e0 caract\u00e8re personnel des Utilisateurs<\/h4>\n\n\n\n<p>Les donn\u00e9es \u00e0 caract\u00e8re personnel collect\u00e9es par ANAR sur le site ne sont pas transf\u00e9r\u00e9es en dehors de l\u2019Espace \u00c9conomique Europ\u00e9en.<\/p>\n\n\n\n<p>S\u00e9curit\u00e9 et protection des donn\u00e9es \u00e0 caract\u00e8re personnel des Utilisateurs<\/p>\n\n\n\n<p>La s\u00e9curit\u00e9 des donn\u00e9es \u00e0 caract\u00e8re personnel fait partie des priorit\u00e9s d\u2019ANAR. ANAR s\u2019engage \u00e0 prendre toutes les mesures raisonnables sur le plan administratif et technique pour emp\u00eacher toute divulgation, utilisation, alt\u00e9ration ou destruction des donn\u00e9es \u00e0 caract\u00e8re personnel qu\u2019un Utilisateur lui fournit (contr\u00f4le des acc\u00e8s, s\u00e9curisation des mots de passe, acc\u00e8s selon des habilitations sp\u00e9cifiques, etc.).<\/p>\n\n\n\n<h4 class=\"wp-block-heading\">Modification de la Politique de Confidentialit\u00e9<\/h4>\n\n\n\n<p>La Politique de Confidentialit\u00e9 est consultable sur la \u00ab Plateforme ANAR \u00bb \u00e0 tout moment. ANAR se r\u00e9serve le droit de la modifier \u00e0 tout moment. La Politique de Confidentialit\u00e9 modifi\u00e9e prendra effet \u00e0 la date de sa mise en ligne sur le site.<\/p>\n\n\n\n<h4 class=\"wp-block-heading\">Contacter ANAR<\/h4>\n\n\n\n<p>Si l\u2019Utilisateur a des questions ou des commentaires concernant cette Politique de Confidentialit\u00e9, il peut contacter ANAR\u00e0 l\u2019adresse \u00e9lectronique suivante\u00a0: \u00a0info@anar.education<\/p>\n","protected":false},"excerpt":{"rendered":"<p>(En vigueur \u00e0 compter du 29 avril 2023.) La pr\u00e9sente politique de confidentialit\u00e9 (ci-apr\u00e8s la \u00ab Politique de confidentialit\u00e9 \u00bb) s\u2019applique \u00e0 toute personne qui navigue sur ce site, nomm\u00e9e \u00ab Plateforme ANAR \u00bb qui utilise ses diff\u00e9rents services d\u2019admission, d\u2019inscription (ci-apr\u00e8s les \u00ab Services \u00bb) et\/ou interagit avec ANAR dans le cadre de l\u2019utilisation [&hellip;]<\/p>\n","protected":false},"author":1,"featured_media":0,"parent":0,"menu_order":0,"comment_status":"closed","ping_status":"open","template":"","meta":{"om_disable_all_campaigns":false,"_monsterinsights_skip_tracking":false,"_monsterinsights_sitenote_active":false,"_monsterinsights_sitenote_note":"","_monsterinsights_sitenote_category":0,"footnotes":""},"blocksy_meta":[],"aioseo_notices":[],"_links":{"self":[{"href":"https:\/\/www.anar.education\/index.php?rest_route=\/wp\/v2\/pages\/3"}],"collection":[{"href":"https:\/\/www.anar.education\/index.php?rest_route=\/wp\/v2\/pages"}],"about":[{"href":"https:\/\/www.anar.education\/index.php?rest_route=\/wp\/v2\/types\/page"}],"author":[{"embeddable":true,"href":"https:\/\/www.anar.education\/index.php?rest_route=\/wp\/v2\/users\/1"}],"replies":[{"embeddable":true,"href":"https:\/\/www.anar.education\/index.php?rest_route=%2Fwp%2Fv2%2Fcomments&post=3"}],"version-history":[{"count":1,"href":"https:\/\/www.anar.education\/index.php?rest_route=\/wp\/v2\/pages\/3\/revisions"}],"predecessor-version":[{"id":233,"href":"https:\/\/www.anar.education\/index.php?rest_route=\/wp\/v2\/pages\/3\/revisions\/233"}],"wp:attachment":[{"href":"https:\/\/www.anar.education\/index.php?rest_route=%2Fwp%2Fv2%2Fmedia&parent=3"}],"curies":[{"name":"wp","href":"https:\/\/api.w.org\/{rel}","templated":true}]}}